{"version":"1.0","provider_name":"HESHIMA MAGAZINE","provider_url":"https:\/\/heshimardc.net\/v1","author_name":"La redaction","author_url":"https:\/\/heshimardc.net\/v1\/author\/la-redaction\/","title":"RDC : Quand Kamitatu r\u00e9veille les d\u00e9mons du f\u00e9d\u00e9ralisme - HESHIMA MAGAZINE","type":"rich","width":600,"height":338,"html":"<blockquote class=\"wp-embedded-content\" data-secret=\"1AWw4lXKkO\"><a href=\"https:\/\/heshimardc.net\/v1\/2025\/04\/17\/rdc-quand-kamitatu-reveille-les-demons-du-federalisme\/\">RDC : Quand Kamitatu r\u00e9veille les d\u00e9mons du f\u00e9d\u00e9ralisme<\/a><\/blockquote><iframe sandbox=\"allow-scripts\" security=\"restricted\" src=\"https:\/\/heshimardc.net\/v1\/2025\/04\/17\/rdc-quand-kamitatu-reveille-les-demons-du-federalisme\/embed\/#?secret=1AWw4lXKkO\" width=\"600\" height=\"338\" title=\"\u00ab\u00a0RDC : Quand Kamitatu r\u00e9veille les d\u00e9mons du f\u00e9d\u00e9ralisme\u00a0\u00bb &#8212; HESHIMA MAGAZINE\" data-secret=\"1AWw4lXKkO\" frameborder=\"0\" marginwidth=\"0\" marginheight=\"0\" scrolling=\"no\" class=\"wp-embedded-content\"><\/iframe><script type=\"text\/javascript\">\n\/* <![CDATA[ *\/\n\/*! This file is auto-generated *\/\n!function(d,l){\"use strict\";l.querySelector&&d.addEventListener&&\"undefined\"!=typeof URL&&(d.wp=d.wp||{},d.wp.receiveEmbedMessage||(d.wp.receiveEmbedMessage=function(e){var t=e.data;if((t||t.secret||t.message||t.value)&&!\/[^a-zA-Z0-9]\/.test(t.secret)){for(var s,r,n,a=l.querySelectorAll('iframe[data-secret=\"'+t.secret+'\"]'),o=l.querySelectorAll('blockquote[data-secret=\"'+t.secret+'\"]'),c=new RegExp(\"^https?:$\",\"i\"),i=0;i<o.length;i++)o[i].style.display=\"none\";for(i=0;i<a.length;i++)s=a[i],e.source===s.contentWindow&&(s.removeAttribute(\"style\"),\"height\"===t.message?(1e3<(r=parseInt(t.value,10))?r=1e3:~~r<200&&(r=200),s.height=r):\"link\"===t.message&&(r=new URL(s.getAttribute(\"src\")),n=new URL(t.value),c.test(n.protocol))&&n.host===r.host&&l.activeElement===s&&(d.top.location.href=t.value))}},d.addEventListener(\"message\",d.wp.receiveEmbedMessage,!1),l.addEventListener(\"DOMContentLoaded\",function(){for(var e,t,s=l.querySelectorAll(\"iframe.wp-embedded-content\"),r=0;r<s.length;r++)(t=(e=s[r]).getAttribute(\"data-secret\"))||(t=Math.random().toString(36).substring(2,12),e.src+=\"#?secret=\"+t,e.setAttribute(\"data-secret\",t)),e.contentWindow.postMessage({message:\"ready\",secret:t},\"*\")},!1)))}(window,document);\n\/* ]]> *\/\n<\/script>\n","thumbnail_url":"https:\/\/heshimardc.net\/v1\/wp-content\/uploads\/2025\/04\/Capture-decran-2025-04-17-a-11.31.53.png","thumbnail_width":722,"thumbnail_height":397,"description":"Un d\u00e9bat sur le f\u00e9d\u00e9ralisme, vieux de plus de 60 ans, a refait surface depuis le 11 avril 2025 en R\u00e9publique d\u00e9mocratique du Congo (RDC). Dans une tribune publi\u00e9e par un m\u00e9dia belge et sign\u00e9e de la main d\u2019Olivier Kamitatu, porte-parole de l\u2019opposant Mo\u00efse Katumbi, l\u2019auteur a plaid\u00e9 pour un dialogue national inclusif en vue [&hellip;]"}